{"id":186,"date":"2010-03-29T01:10:46","date_gmt":"2010-03-29T05:10:46","guid":{"rendered":"http:\/\/www.leschapeauxdelisa.com\/?page_id=186"},"modified":"2018-02-24T15:11:09","modified_gmt":"2018-02-24T15:11:09","slug":"moi-et-les-chapeaux","status":"publish","type":"page","link":"https:\/\/www.leschapeauxdelisa.com\/wordpress\/moi-et-les-chapeaux\/","title":{"rendered":"\u00c0 Propos"},"content":{"rendered":"<p>&nbsp;<\/p>\n<p><img loading=\"lazy\" class=\"aligncenter size-full wp-image-1938\" src=\"https:\/\/www.leschapeauxdelisa.com\/wordpress\/wordpress\/wp-content\/uploads\/2010\/03\/CJD_6904.jpg\" alt=\"CJD_6904\" width=\"600\" height=\"400\" srcset=\"https:\/\/www.leschapeauxdelisa.com\/wordpress\/wordpress\/wp-content\/uploads\/2010\/03\/CJD_6904.jpg 600w, https:\/\/www.leschapeauxdelisa.com\/wordpress\/wordpress\/wp-content\/uploads\/2010\/03\/CJD_6904-300x200.jpg 300w, https:\/\/www.leschapeauxdelisa.com\/wordpress\/wordpress\/wp-content\/uploads\/2010\/03\/CJD_6904-450x300.jpg 450w\" sizes=\"(max-width: 600px) 100vw, 600px\" \/><\/p>\n<p>&nbsp;<\/p>\n<p>&nbsp;<\/p>\n<p>&nbsp;<\/p>\n<h1 style=\"text-align: center;\">Moi et les Chapeaux<\/h1>\n<p>&nbsp;<\/p>\n<p style=\"text-align: justify;\"><span style=\"font-size: 12pt;\"><span class=\"dropcap\" style=\"color:#FFFFFF; background-color:#0F0F0F; padding:2px 6px; font-weight:400 \">J<\/span><!--\/.dropcap--><span style=\"font-size: 14pt; font-family: arial,helvetica,sans-serif;\">e suis tr\u00e8s heureuse de partager avec vous ma grande passion de la haute couture, de la haute mode, de l\u2019\u00e9l\u00e9gance et des chapeaux d\u2019autrefois. Le chapeau est un accessoire \u00e9l\u00e9gant, amusant, s\u00e9duisant et color\u00e9, fabriqu\u00e9 de diff\u00e9rentes mati\u00e8res. Nous aurions int\u00e9r\u00eat \u00e0 le porter de plus en plus pour agr\u00e9menter nos\u00a0tenues vestimentaires et surtout&#8230; <\/span><\/span><span style=\"font-size: 14pt; font-family: arial,helvetica,sans-serif;\">prendre plaisir \u00e0 le porter. <\/span><\/p>\n<p style=\"text-align: justify;\"><span style=\"font-size: 14pt; font-family: arial,helvetica,sans-serif;\">Je ne crois surtout pas que nous devons le faire passer\u00a0 aux oubliettes. Je trouve mon inspiration dans les objets, les bijoux, le c\u00f4t\u00e9 glamour\u00a0des ann\u00e9es 50-60. Je privil\u00e9gie l\u2019affirmation de soi par la diff\u00e9rence de chacun. \u00a0D\u00e9couvrons diff\u00e9rentes fa\u00e7ons de porter et confectionner le chapeau.<\/span><\/p>\n<p style=\"text-align: justify;\"><span style=\"font-size: 14pt; font-family: arial,helvetica,sans-serif;\">Pour ma part\u2026Porter un chapeau am\u00e8ne beaucoup de bonheur\u00a0et de gaiet\u00e9 dans une journ\u00e9e!\u00a0Sourires assur\u00e9s vous remarquerez. Revivez\u00a0 cette \u00e9l\u00e9gance d\u2019autrefois avec moi et amusons-nous \u00e0 d\u00e9velopper notre cr\u00e9ativit\u00e9 et notre propre style!<\/span><\/p>\n<p style=\"text-align: justify;\"><span style=\"font-size: 14pt; font-family: arial,helvetica,sans-serif;\"> Venez me visiter fr\u00e9quemment et partagez vos commentaires, c&#8217;est un plaisir\u00a0pour moi de vous r\u00e9pondre et une excellente fa\u00e7on de communiquer\u00a0cette passion! C&#8217;est comme si je n&#8217;\u00e9tais pas n\u00e9e dans la bonne \u00e9poque! \u00a0Rassurez-vous, je ne fais qu&#8217;emprunter la beaut\u00e9 \u00e0 ces ann\u00e9es. Jamais sans mon ipad ni mon 35 mm! <\/span><\/p>\n<p style=\"text-align: justify;\"><span style=\"font-size: 14pt; font-family: arial,helvetica,sans-serif;\">Bienvenue dans mon monde\u00a0sixties! <\/span><\/p>\n<p><span style=\"font-size: 14pt; font-family: arial,helvetica,sans-serif;\">Lisa<\/span><\/p>\n<p style=\"text-align: center;\"><img loading=\"lazy\" class=\"aligncenter size-full wp-image-2319\" src=\"https:\/\/www.leschapeauxdelisa.com\/wordpress\/wordpress\/wp-content\/uploads\/2010\/09\/separator_about.jpg\" alt=\"separator_about\" width=\"160\" height=\"160\" srcset=\"https:\/\/www.leschapeauxdelisa.com\/wordpress\/wordpress\/wp-content\/uploads\/2010\/09\/separator_about.jpg 160w, https:\/\/www.leschapeauxdelisa.com\/wordpress\/wordpress\/wp-content\/uploads\/2010\/09\/separator_about-150x150.jpg 150w, https:\/\/www.leschapeauxdelisa.com\/wordpress\/wordpress\/wp-content\/uploads\/2010\/09\/separator_about-80x80.jpg 80w\" sizes=\"(max-width: 160px) 100vw, 160px\" \/><\/p>\n<p class=\"dropcap\" style=\"text-align: justify; padding-left: 60px;\">\n","protected":false},"excerpt":{"rendered":"<p>&nbsp; &nbsp; &nbsp; &nbsp; Moi et les Chapeaux &nbsp; e suis tr\u00e8s heureuse de partager avec vous ma grande passion de la haute couture, de la haute mode, de l\u2019\u00e9l\u00e9gance et des chapeaux d\u2019autrefois. Le chapeau est un accessoire \u00e9l\u00e9gant, amusant, s\u00e9duisant et color\u00e9, fabriqu\u00e9 de diff\u00e9rentes mati\u00e8res. Nous aurions int\u00e9r\u00eat \u00e0 le porter de plus en plus pour agr\u00e9menter&hellip;<\/p>\n","protected":false},"author":1,"featured_media":0,"parent":0,"menu_order":3,"comment_status":"closed","ping_status":"open","template":"","meta":{"_s2mail":"no","ngg_post_thumbnail":0},"_links":{"self":[{"href":"https:\/\/www.leschapeauxdelisa.com\/wordpress\/wp-json\/wp\/v2\/pages\/186"}],"collection":[{"href":"https:\/\/www.leschapeauxdelisa.com\/wordpress\/wp-json\/wp\/v2\/pages"}],"about":[{"href":"https:\/\/www.leschapeauxdelisa.com\/wordpress\/wp-json\/wp\/v2\/types\/page"}],"author":[{"embeddable":true,"href":"https:\/\/www.leschapeauxdelisa.com\/wordpress\/wp-json\/wp\/v2\/users\/1"}],"replies":[{"embeddable":true,"href":"https:\/\/www.leschapeauxdelisa.com\/wordpress\/wp-json\/wp\/v2\/comments?post=186"}],"version-history":[{"count":201,"href":"https:\/\/www.leschapeauxdelisa.com\/wordpress\/wp-json\/wp\/v2\/pages\/186\/revisions"}],"predecessor-version":[{"id":2464,"href":"https:\/\/www.leschapeauxdelisa.com\/wordpress\/wp-json\/wp\/v2\/pages\/186\/revisions\/2464"}],"wp:attachment":[{"href":"https:\/\/www.leschapeauxdelisa.com\/wordpress\/wp-json\/wp\/v2\/media?parent=186"}],"curies":[{"name":"wp","href":"https:\/\/api.w.org\/{rel}","templated":true}]}}